{"id":19,"date":"2023-03-09T15:03:50","date_gmt":"2023-03-09T14:03:50","guid":{"rendered":"http:\/\/groupe-aquitain-spp.fr\/?page_id=19"},"modified":"2023-05-04T16:41:30","modified_gmt":"2023-05-04T14:41:30","slug":"la-societe-psychanalytique-de-paris","status":"publish","type":"page","link":"https:\/\/www.groupe-aquitain-spp.fr\/index.php\/la-societe-psychanalytique-de-paris\/","title":{"rendered":"La Soci\u00e9t\u00e9 Psychanalytique de Paris"},"content":{"rendered":"\t\t<div data-elementor-type=\"wp-page\" data-elementor-id=\"19\" class=\"elementor elementor-19\" data-elementor-post-type=\"page\">\n\t\t\t\t\t\t<section class=\"elementor-section elementor-top-section elementor-element elementor-element-9ada958 elementor-section-boxed elementor-section-height-default elementor-section-height-default\" data-id=\"9ada958\" data-element_type=\"section\" data-e-type=\"section\">\n\t\t\t\t\t\t<div class=\"elementor-container elementor-column-gap-default\">\n\t\t\t\t\t<div class=\"elementor-column elementor-col-100 elementor-top-column elementor-element elementor-element-42b4e74\" data-id=\"42b4e74\" data-element_type=\"column\" data-e-type=\"column\">\n\t\t\t<div class=\"elementor-widget-wrap elementor-element-populated\">\n\t\t\t\t\t\t<div class=\"elementor-element elementor-element-5162cea elementor-widget elementor-widget-text-editor\" data-id=\"5162cea\" data-element_type=\"widget\" data-e-type=\"widget\" data-widget_type=\"text-editor.default\">\n\t\t\t\t<div class=\"elementor-widget-container\">\n\t\t\t\t\t\t\t\t\t<h2 style=\"text-align: center;\">Objectifs<\/h2><p>La Soci\u00e9t\u00e9 psychanalytique de Paris a pour but de transmettre et d\u00e9velopper la psychanalyse comme discipline scientifique et comme m\u00e9thode th\u00e9rapeutique fond\u00e9es sur l\u2019\u0153uvre de Freud.<\/p><p>Fond\u00e9e en 1926, la Soci\u00e9t\u00e9 Psychanalytique de Paris a le statut d\u2019une association reconnue d\u2019utilit\u00e9 publique (RUP), \u00e0 but non lucratif, r\u00e9gie par la loi de 1901. Ses ressources proviennent exclusivement des cotisations de ses membres, des recettes des manifestations scientifiques et \u00e9ventuellement des dons et legs. La SPP est une association reconnue d\u2019Utilit\u00e9 Publique. La SPP est une soci\u00e9t\u00e9 composante de l\u2019Association Internationale de Psychanalyse (API), ainsi que de la F\u00e9d\u00e9ration Europ\u00e9enne de Psychanalyse (FEP).<\/p><p>Pour remplir sa mission, la SPP a des activit\u00e9s scientifiques et des activit\u00e9s de formation. Elle dirige plusieurs publications : la Revue fran\u00e7aise de Psychanalyse (RfP), les Monographies et D\u00e9bats de Psychanalyse, le Bulletin (interne). Elle organise des s\u00e9minaires et des colloques ouverts au public : le Colloque de la SPP, le S\u00e9minaire Jean Cournut, les Conf\u00e9rences du mercredi et du jeudi, organis\u00e9es \u00e0 Paris Descartes, rue de l\u2019\u00e9cole de m\u00e9decine, les Conf\u00e9rences de Sainte Anne, le Colloque de la RfP, ainsi que de nombreuses activit\u00e9s de ses groupes r\u00e9gionaux. Elle dispose de deux instituts de formation, l\u2019un \u00e0 Paris et l\u2019autre \u00e0 Lyon. Outre le site internet, la Soci\u00e9t\u00e9 dispose d\u2019une biblioth\u00e8que (Biblioth\u00e8que Sigmund Freud \u2013 BSF) dont le catalogue de plus de 15000 ouvrages et tous les services sont accessibles via internet. La BSF abrite le D\u00e9partement des Archives et d\u2019Histoire.<\/p><h2 style=\"text-align: center;\">Histoire<\/h2><p>Le 4 novembre 1926, la Princesse Marie Bonaparte, Mme Eug\u00e9nie Sokolnicka, le Pr Hesnard, les Drs Allendy, A. Borel, R. Laforgue, R. Loewenstein, G. Parcheminey et Edouard Pichon fondent la Soci\u00e9t\u00e9 psychanalytique de Paris.<\/p><p>Le groupe est uni par des projets comme l\u2019organisation des Congr\u00e8s des psychanalystes de langue fran\u00e7aise, la cr\u00e9ation de la Revue fran\u00e7aise de Psychanalyse (1927) et la constitution d\u2019une Commission linguistique pour l\u2019unification du vocabulaire psychanalytique fran\u00e7ais. Il est rapidement confront\u00e9 \u00e0 la question, faisant d\u00e9bat \u00e0 l\u2019\u00e9poque, de la reconnaissance des psychanalystes non-m\u00e9decins.<\/p><p>L\u2019occupation allemande d\u00e9sorganise la Soci\u00e9t\u00e9 : la pratique analytique dispara\u00eet presque totalement, des membres \u00e9migrent \u00e0 l\u2019\u00e9tranger ou se r\u00e9fugient en zone libre, l\u2019Institut de formation cr\u00e9\u00e9 en 1934 ferme ses portes et la Revue fran\u00e7aise de Psychanalyse cesse de para\u00eetre.<\/p><p>Apr\u00e8s la guerre, la SPP se r\u00e9organise progressivement. Le probl\u00e8me de la formation des nouveaux psychanalystes se pose et, avec lui, celui de l\u2019organisation d\u2019un institut de formation. Quelles modalit\u00e9s pratiques choisir pour le cursus de formation ? Faut-il tenir la formation psychanalytique ind\u00e9pendante de l\u2019enseignement universitaire ou, au contraire, faut-il l\u2019en rapprocher ? L\u2019Institut de Psychanalyse est fond\u00e9 en 1953, mais des d\u00e9saccords subsistent entre Daniel Lagache et Sacha Nacht qui d\u00e9fendent des options divergentes quant aux rapports que la formation psychanalytique doit entretenir avec l\u2019enseignement universitaire. Par ailleurs, la pratique des \u00ab s\u00e9ances \u00e0 dur\u00e9e variable \u00bb de Jacques Lacan soul\u00e8ve la d\u00e9fiance de ses coll\u00e8gues. Ces tensions conflictuelles provoquent le d\u00e9part de quelques membres rassembl\u00e9s autour de Daniel Lagache d\u00e9fenseur de l\u2019option universitaire, bient\u00f4t rejoints par Jacques Lacan.<\/p><p>Le groupe d\u00e9missionnaire fonde la Soci\u00e9t\u00e9 Fran\u00e7aise de Psychanalyse (SFP). D\u00e9savouant la pratique des s\u00e9ances courtes de Lacan, l\u2019API refuse de reconna\u00eetre la nouvelle soci\u00e9t\u00e9. En 1964, d\u00e9mis de ses fonctions de formation, Lacan quitte la SFP avec une partie de ses \u00e9l\u00e8ves. De cette nouvelle scission naissent d\u2019une part l\u2019Association Psychanalytique de France (APF) reconnue par l\u2019API, d\u2019autre part le premier groupe \u00ab lacanien \u00bb qui prend le nom d\u2019Ecole Freudienne de Paris (EFP). En 1969, des membres quittent l\u2019EFP et cr\u00e9ent l\u2019Organisation Psychanalytique de Langue Fran\u00e7aise (OPLF), plus connue sous le nom de \u00ab Quatri\u00e8me Groupe \u00bb. En 2004, des membres d\u00e9missionnent de l\u2019OPLF et fondent la Soci\u00e9t\u00e9 Psychanalytique de Recherche et de Formation (SPRF, rattach\u00e9e \u00e0 l\u2019API). Apr\u00e8s la mort de Lacan, le mouvement lacanien a \u00e9clat\u00e9 en de nombreux groupes. La SPP a poursuivi son d\u00e9veloppement, formant de nombreux analystes. Des voies nouvelles de recherches se sont d\u00e9gag\u00e9es de ses travaux dans le domaine de la psychanalyse avec les enfants, comme dans celui de la psychosomatique et de la psychose.<\/p><p>\u00a0<\/p><p>En 1986, l\u2019Institut de Psychanalyse cesse d\u2019\u00eatre une association ind\u00e9pendante. L\u2019Institut r\u00e9int\u00e8gre la SPP dont il devient un \u00ab organe formateur \u00bb et la Soci\u00e9t\u00e9 est g\u00e9r\u00e9e par une Assembl\u00e9e G\u00e9n\u00e9rale compos\u00e9e de tous ses membres. En 1994, la Commission d\u2019enseignement qui r\u00e9unit l\u2019ensemble des formateurs modifie l\u2019accessibilit\u00e9 au cursus de formation : toute personne en analyse avec un membre de la SPP, qui n\u2019est plus comme auparavant obligatoirement un membre formateur, peut d\u00e9sormais faire acte de candidature au cursus de formation. La question de l\u2019analyse \u00ab didactique \u00bb est tranch\u00e9e : toute analyse est une analyse \u00ab personnelle \u00bb et elle se voit, de ce fait, disjointe du cursus de formation dans lequel l\u2019analyste du candidat n\u2019intervient en aucune fa\u00e7on et \u00e0 aucun moment. Cette \u00e9volution a r\u00e9cemment conduit \u00e0 une nouvelle r\u00e9forme (2007) : la r\u00e9duction du nombre des cat\u00e9gories de membres \u00e0 deux, au lieu de trois pr\u00e9c\u00e9demment. La formation ne rel\u00e8ve plus de la responsabilit\u00e9 d\u2019une \u00ab cat\u00e9gorie \u00bb de membres \u00e9lus \u00e0 vie, mais de membres titulaires \u00e9lus sp\u00e9cifiquement pour assurer cette fonction pendant un temps limit\u00e9, reconductible.<\/p>\t\t\t\t\t\t\t\t<\/div>\n\t\t\t\t<\/div>\n\t\t\t\t\t<\/div>\n\t\t<\/div>\n\t\t\t\t\t<\/div>\n\t\t<\/section>\n\t\t\t\t<section class=\"elementor-section elementor-top-section elementor-element elementor-element-d5b8302 elementor-section-boxed elementor-section-height-default elementor-section-height-default\" data-id=\"d5b8302\" data-element_type=\"section\" data-e-type=\"section\">\n\t\t\t\t\t\t<div class=\"elementor-container elementor-column-gap-default\">\n\t\t\t\t\t<div class=\"elementor-column elementor-col-100 elementor-top-column elementor-element elementor-element-9aeaea8\" data-id=\"9aeaea8\" data-element_type=\"column\" data-e-type=\"column\">\n\t\t\t<div class=\"elementor-widget-wrap elementor-element-populated\">\n\t\t\t\t\t\t<div class=\"elementor-element elementor-element-6795a0b elementor-widget-divider--view-line elementor-widget elementor-widget-divider\" data-id=\"6795a0b\" data-element_type=\"widget\" data-e-type=\"widget\" data-widget_type=\"divider.default\">\n\t\t\t\t<div class=\"elementor-widget-container\">\n\t\t\t\t\t\t\t<div class=\"elementor-divider\">\n\t\t\t<span class=\"elementor-divider-separator\">\n\t\t\t\t\t\t<\/span>\n\t\t<\/div>\n\t\t\t\t\t\t<\/div>\n\t\t\t\t<\/div>\n\t\t\t\t\t<\/div>\n\t\t<\/div>\n\t\t\t\t\t<\/div>\n\t\t<\/section>\n\t\t\t\t<section class=\"elementor-section elementor-top-section elementor-element elementor-element-ddf8854 elementor-section-boxed elementor-section-height-default elementor-section-height-default\" data-id=\"ddf8854\" data-element_type=\"section\" data-e-type=\"section\">\n\t\t\t\t\t\t<div class=\"elementor-container elementor-column-gap-default\">\n\t\t\t\t\t<div class=\"elementor-column elementor-col-100 elementor-top-column elementor-element elementor-element-80604a7\" data-id=\"80604a7\" data-element_type=\"column\" data-e-type=\"column\">\n\t\t\t<div class=\"elementor-widget-wrap elementor-element-populated\">\n\t\t\t\t\t\t<div class=\"elementor-element elementor-element-1afef94 elementor-align-center elementor-widget elementor-widget-button\" data-id=\"1afef94\" data-element_type=\"widget\" data-e-type=\"widget\" data-widget_type=\"button.default\">\n\t\t\t\t<div class=\"elementor-widget-container\">\n\t\t\t\t\t\t\t\t\t<div class=\"elementor-button-wrapper\">\n\t\t\t\t\t<a class=\"elementor-button elementor-button-link elementor-size-sm\" href=\"https:\/\/www.spp.asso.fr\/\" target=\"_blank\">\n\t\t\t\t\t\t<span class=\"elementor-button-content-wrapper\">\n\t\t\t\t\t\t\t\t\t<span class=\"elementor-button-text\">Visitez le site de la SPP<\/span>\n\t\t\t\t\t<\/span>\n\t\t\t\t\t<\/a>\n\t\t\t\t<\/div>\n\t\t\t\t\t\t\t\t<\/div>\n\t\t\t\t<\/div>\n\t\t\t\t\t<\/div>\n\t\t<\/div>\n\t\t\t\t\t<\/div>\n\t\t<\/section>\n\t\t\t\t<\/div>\n\t\t","protected":false},"excerpt":{"rendered":"<p>Objectifs La Soci\u00e9t\u00e9 psychanalytique de Paris a pour but de transmettre et d\u00e9velopper la psychanalyse comme discipline scientifique et comme m\u00e9thode th\u00e9rapeutique fond\u00e9es sur l\u2019\u0153uvre de Freud. Fond\u00e9e en 1926, la Soci\u00e9t\u00e9 Psychanalytique de Paris a le statut d\u2019une association reconnue d\u2019utilit\u00e9 publique (RUP), \u00e0 but non lucratif, r\u00e9gie par la loi de 1901. Ses [&hellip;]<\/p>\n","protected":false},"author":1,"featured_media":0,"parent":0,"menu_order":0,"comment_status":"closed","ping_status":"closed","template":"","meta":{"_acf_changed":false,"footnotes":""},"class_list":["post-19","page","type-page","status-publish","hentry"],"acf":[],"yoast_head":"<!-- This site is optimized with the Yoast SEO plugin v27.5 - https:\/\/yoast.com\/product\/yoast-seo-wordpress\/ -->\n<title>La Soci\u00e9t\u00e9 Psychanalytique de Paris - Groupe Aquitain de la Soci\u00e9t\u00e9 Psychanalytique de Paris<\/title>\n<meta name=\"robots\" content=\"index, follow, max-snippet:-1, max-image-preview:large, max-video-preview:-1\" \/>\n<link rel=\"canonical\" href=\"https:\/\/www.groupe-aquitain-spp.fr\/index.php\/la-societe-psychanalytique-de-paris\/\" \/>\n<meta property=\"og:locale\" content=\"fr_FR\" \/>\n<meta property=\"og:type\" content=\"article\" \/>\n<meta property=\"og:title\" content=\"La Soci\u00e9t\u00e9 Psychanalytique de Paris - Groupe Aquitain de la Soci\u00e9t\u00e9 Psychanalytique de Paris\" \/>\n<meta property=\"og:description\" content=\"Objectifs La Soci\u00e9t\u00e9 psychanalytique de Paris a pour but de transmettre et d\u00e9velopper la psychanalyse comme discipline scientifique et comme m\u00e9thode th\u00e9rapeutique fond\u00e9es sur l\u2019\u0153uvre de Freud. Fond\u00e9e en 1926, la Soci\u00e9t\u00e9 Psychanalytique de Paris a le statut d\u2019une association reconnue d\u2019utilit\u00e9 publique (RUP), \u00e0 but non lucratif, r\u00e9gie par la loi de 1901. Ses [&hellip;]\" \/>\n<meta property=\"og:url\" content=\"https:\/\/www.groupe-aquitain-spp.fr\/index.php\/la-societe-psychanalytique-de-paris\/\" \/>\n<meta property=\"og:site_name\" content=\"Groupe Aquitain de la Soci\u00e9t\u00e9 Psychanalytique de Paris\" \/>\n<meta property=\"article:publisher\" content=\"https:\/\/www.facebook.com\/gaspp.b\" \/>\n<meta property=\"article:modified_time\" content=\"2023-05-04T14:41:30+00:00\" \/>\n<meta name=\"twitter:card\" content=\"summary_large_image\" \/>\n<meta name=\"twitter:label1\" content=\"Dur\u00e9e de lecture estim\u00e9e\" \/>\n\t<meta name=\"twitter:data1\" content=\"5 minutes\" \/>\n<script type=\"application\/ld+json\" class=\"yoast-schema-graph\">{\"@context\":\"https:\\\/\\\/schema.org\",\"@graph\":[{\"@type\":\"WebPage\",\"@id\":\"https:\\\/\\\/www.groupe-aquitain-spp.fr\\\/index.php\\\/la-societe-psychanalytique-de-paris\\\/\",\"url\":\"https:\\\/\\\/www.groupe-aquitain-spp.fr\\\/index.php\\\/la-societe-psychanalytique-de-paris\\\/\",\"name\":\"La Soci\u00e9t\u00e9 Psychanalytique de Paris - Groupe Aquitain de la Soci\u00e9t\u00e9 Psychanalytique de Paris\",\"isPartOf\":{\"@id\":\"https:\\\/\\\/www.groupe-aquitain-spp.fr\\\/#website\"},\"datePublished\":\"2023-03-09T14:03:50+00:00\",\"dateModified\":\"2023-05-04T14:41:30+00:00\",\"breadcrumb\":{\"@id\":\"https:\\\/\\\/www.groupe-aquitain-spp.fr\\\/index.php\\\/la-societe-psychanalytique-de-paris\\\/#breadcrumb\"},\"inLanguage\":\"fr-FR\",\"potentialAction\":[{\"@type\":\"ReadAction\",\"target\":[\"https:\\\/\\\/www.groupe-aquitain-spp.fr\\\/index.php\\\/la-societe-psychanalytique-de-paris\\\/\"]}]},{\"@type\":\"BreadcrumbList\",\"@id\":\"https:\\\/\\\/www.groupe-aquitain-spp.fr\\\/index.php\\\/la-societe-psychanalytique-de-paris\\\/#breadcrumb\",\"itemListElement\":[{\"@type\":\"ListItem\",\"position\":1,\"name\":\"Accueil\",\"item\":\"https:\\\/\\\/www.groupe-aquitain-spp.fr\\\/\"},{\"@type\":\"ListItem\",\"position\":2,\"name\":\"La Soci\u00e9t\u00e9 Psychanalytique de Paris\"}]},{\"@type\":\"WebSite\",\"@id\":\"https:\\\/\\\/www.groupe-aquitain-spp.fr\\\/#website\",\"url\":\"https:\\\/\\\/www.groupe-aquitain-spp.fr\\\/\",\"name\":\"Groupe Aquitain de la Soci\u00e9t\u00e9 Psychanalytique de Paris\",\"description\":\"Le site du Groupe Aquitain de la SPP\",\"publisher\":{\"@id\":\"https:\\\/\\\/www.groupe-aquitain-spp.fr\\\/#organization\"},\"potentialAction\":[{\"@type\":\"SearchAction\",\"target\":{\"@type\":\"EntryPoint\",\"urlTemplate\":\"https:\\\/\\\/www.groupe-aquitain-spp.fr\\\/?s={search_term_string}\"},\"query-input\":{\"@type\":\"PropertyValueSpecification\",\"valueRequired\":true,\"valueName\":\"search_term_string\"}}],\"inLanguage\":\"fr-FR\"},{\"@type\":\"Organization\",\"@id\":\"https:\\\/\\\/www.groupe-aquitain-spp.fr\\\/#organization\",\"name\":\"Groupe Aquitain de la Soci\u00e9t\u00e9 Psychanalytique de Paris\",\"url\":\"https:\\\/\\\/www.groupe-aquitain-spp.fr\\\/\",\"logo\":{\"@type\":\"ImageObject\",\"inLanguage\":\"fr-FR\",\"@id\":\"https:\\\/\\\/www.groupe-aquitain-spp.fr\\\/#\\\/schema\\\/logo\\\/image\\\/\",\"url\":\"https:\\\/\\\/www.groupe-aquitain-spp.fr\\\/wp-content\\\/uploads\\\/2023\\\/03\\\/logo-gaspp-1024.png\",\"contentUrl\":\"https:\\\/\\\/www.groupe-aquitain-spp.fr\\\/wp-content\\\/uploads\\\/2023\\\/03\\\/logo-gaspp-1024.png\",\"width\":505,\"height\":510,\"caption\":\"Groupe Aquitain de la Soci\u00e9t\u00e9 Psychanalytique de Paris\"},\"image\":{\"@id\":\"https:\\\/\\\/www.groupe-aquitain-spp.fr\\\/#\\\/schema\\\/logo\\\/image\\\/\"},\"sameAs\":[\"https:\\\/\\\/www.facebook.com\\\/gaspp.b\"]}]}<\/script>\n<!-- \/ Yoast SEO plugin. -->","yoast_head_json":{"title":"La Soci\u00e9t\u00e9 Psychanalytique de Paris - Groupe Aquitain de la Soci\u00e9t\u00e9 Psychanalytique de Paris","robots":{"index":"index","follow":"follow","max-snippet":"max-snippet:-1","max-image-preview":"max-image-preview:large","max-video-preview":"max-video-preview:-1"},"canonical":"https:\/\/www.groupe-aquitain-spp.fr\/index.php\/la-societe-psychanalytique-de-paris\/","og_locale":"fr_FR","og_type":"article","og_title":"La Soci\u00e9t\u00e9 Psychanalytique de Paris - Groupe Aquitain de la Soci\u00e9t\u00e9 Psychanalytique de Paris","og_description":"Objectifs La Soci\u00e9t\u00e9 psychanalytique de Paris a pour but de transmettre et d\u00e9velopper la psychanalyse comme discipline scientifique et comme m\u00e9thode th\u00e9rapeutique fond\u00e9es sur l\u2019\u0153uvre de Freud. Fond\u00e9e en 1926, la Soci\u00e9t\u00e9 Psychanalytique de Paris a le statut d\u2019une association reconnue d\u2019utilit\u00e9 publique (RUP), \u00e0 but non lucratif, r\u00e9gie par la loi de 1901. Ses [&hellip;]","og_url":"https:\/\/www.groupe-aquitain-spp.fr\/index.php\/la-societe-psychanalytique-de-paris\/","og_site_name":"Groupe Aquitain de la Soci\u00e9t\u00e9 Psychanalytique de Paris","article_publisher":"https:\/\/www.facebook.com\/gaspp.b","article_modified_time":"2023-05-04T14:41:30+00:00","twitter_card":"summary_large_image","twitter_misc":{"Dur\u00e9e de lecture estim\u00e9e":"5 minutes"},"schema":{"@context":"https:\/\/schema.org","@graph":[{"@type":"WebPage","@id":"https:\/\/www.groupe-aquitain-spp.fr\/index.php\/la-societe-psychanalytique-de-paris\/","url":"https:\/\/www.groupe-aquitain-spp.fr\/index.php\/la-societe-psychanalytique-de-paris\/","name":"La Soci\u00e9t\u00e9 Psychanalytique de Paris - Groupe Aquitain de la Soci\u00e9t\u00e9 Psychanalytique de Paris","isPartOf":{"@id":"https:\/\/www.groupe-aquitain-spp.fr\/#website"},"datePublished":"2023-03-09T14:03:50+00:00","dateModified":"2023-05-04T14:41:30+00:00","breadcrumb":{"@id":"https:\/\/www.groupe-aquitain-spp.fr\/index.php\/la-societe-psychanalytique-de-paris\/#breadcrumb"},"inLanguage":"fr-FR","potentialAction":[{"@type":"ReadAction","target":["https:\/\/www.groupe-aquitain-spp.fr\/index.php\/la-societe-psychanalytique-de-paris\/"]}]},{"@type":"BreadcrumbList","@id":"https:\/\/www.groupe-aquitain-spp.fr\/index.php\/la-societe-psychanalytique-de-paris\/#breadcrumb","itemListElement":[{"@type":"ListItem","position":1,"name":"Accueil","item":"https:\/\/www.groupe-aquitain-spp.fr\/"},{"@type":"ListItem","position":2,"name":"La Soci\u00e9t\u00e9 Psychanalytique de Paris"}]},{"@type":"WebSite","@id":"https:\/\/www.groupe-aquitain-spp.fr\/#website","url":"https:\/\/www.groupe-aquitain-spp.fr\/","name":"Groupe Aquitain de la Soci\u00e9t\u00e9 Psychanalytique de Paris","description":"Le site du Groupe Aquitain de la SPP","publisher":{"@id":"https:\/\/www.groupe-aquitain-spp.fr\/#organization"},"potentialAction":[{"@type":"SearchAction","target":{"@type":"EntryPoint","urlTemplate":"https:\/\/www.groupe-aquitain-spp.fr\/?s={search_term_string}"},"query-input":{"@type":"PropertyValueSpecification","valueRequired":true,"valueName":"search_term_string"}}],"inLanguage":"fr-FR"},{"@type":"Organization","@id":"https:\/\/www.groupe-aquitain-spp.fr\/#organization","name":"Groupe Aquitain de la Soci\u00e9t\u00e9 Psychanalytique de Paris","url":"https:\/\/www.groupe-aquitain-spp.fr\/","logo":{"@type":"ImageObject","inLanguage":"fr-FR","@id":"https:\/\/www.groupe-aquitain-spp.fr\/#\/schema\/logo\/image\/","url":"https:\/\/www.groupe-aquitain-spp.fr\/wp-content\/uploads\/2023\/03\/logo-gaspp-1024.png","contentUrl":"https:\/\/www.groupe-aquitain-spp.fr\/wp-content\/uploads\/2023\/03\/logo-gaspp-1024.png","width":505,"height":510,"caption":"Groupe Aquitain de la Soci\u00e9t\u00e9 Psychanalytique de Paris"},"image":{"@id":"https:\/\/www.groupe-aquitain-spp.fr\/#\/schema\/logo\/image\/"},"sameAs":["https:\/\/www.facebook.com\/gaspp.b"]}]}},"_links":{"self":[{"href":"https:\/\/www.groupe-aquitain-spp.fr\/index.php\/wp-json\/wp\/v2\/pages\/19","targetHints":{"allow":["GET"]}}],"collection":[{"href":"https:\/\/www.groupe-aquitain-spp.fr\/index.php\/wp-json\/wp\/v2\/pages"}],"about":[{"href":"https:\/\/www.groupe-aquitain-spp.fr\/index.php\/wp-json\/wp\/v2\/types\/page"}],"author":[{"embeddable":true,"href":"https:\/\/www.groupe-aquitain-spp.fr\/index.php\/wp-json\/wp\/v2\/users\/1"}],"replies":[{"embeddable":true,"href":"https:\/\/www.groupe-aquitain-spp.fr\/index.php\/wp-json\/wp\/v2\/comments?post=19"}],"version-history":[{"count":19,"href":"https:\/\/www.groupe-aquitain-spp.fr\/index.php\/wp-json\/wp\/v2\/pages\/19\/revisions"}],"predecessor-version":[{"id":32892,"href":"https:\/\/www.groupe-aquitain-spp.fr\/index.php\/wp-json\/wp\/v2\/pages\/19\/revisions\/32892"}],"wp:attachment":[{"href":"https:\/\/www.groupe-aquitain-spp.fr\/index.php\/wp-json\/wp\/v2\/media?parent=19"}],"curies":[{"name":"wp","href":"https:\/\/api.w.org\/{rel}","templated":true}]}}